{"id":46,"date":"2026-03-07T22:12:43","date_gmt":"2026-03-07T21:12:43","guid":{"rendered":"https:\/\/wkptg.pl\/?page_id=46"},"modified":"2026-04-21T15:46:06","modified_gmt":"2026-04-21T13:46:06","slug":"nasza-historia","status":"publish","type":"page","link":"https:\/\/wkptg.pl\/index.php\/nasza-historia\/","title":{"rendered":"Nasza historia"},"content":{"rendered":"<p align=\"JUSTIFY\"><span style=\"font-size: medium;\">\u00a0 \u00a0 \u00a0Pocz\u0105tki naszego Klubu si\u0119gaj\u0105 ko\u0144ca 2011 r. 21 grudnia 2011 roku mia\u0142o miejsce zebranie za\u0142o\u017cycielskie Wa\u0142brzyskiego Klubu Przodownik\u00f3w Turystyki G\u00f3rskiej. Celem grupy za\u0142o\u017cycielskiej by\u0142a integracja i zmobilizowanie do pracy szeroko rozumianej kadry g\u00f3rskiej dzia\u0142aczy zrzeszonych w Oddziale PTTK Ziemi Wa\u0142brzyskiej w Wa\u0142brzychu. Chodzi\u0142o przede wszystkim o przodownik\u00f3w turystyki g\u00f3rskiej, ale tak\u017ce znakarzy szlak\u00f3w g\u00f3rskich oraz os\u00f3b zainteresowanych prac\u0105 na rzecz upowszechniania turystyki g\u00f3rskiej. W zebraniu za\u0142o\u017cycielskim wzi\u0119\u0142o udzia\u0142 dziesi\u0119\u0107 os\u00f3b. Po wyborach i ukonstytuowaniu si\u0119 zarz\u0105du sk\u0142ad wygl\u0105da\u0142 nast\u0119puj\u0105co: Krzysztof Teper \u2013 prezes, Artur Ciempa \u2013 vice prezes, Maria Burzy\u0144ska \u2013 skarbnik, Robert Strzeszewski \u2013 sekretarz, Jacek Pielich \u2013 cz\u0142onek zarz\u0105du. Sk\u0142ad Komisji Rewizyjnej to: Mateusz Nowak \u2013 przewodnicz\u0105cy, Sandra Koralewska \u2013 zast\u0119pca, Stanis\u0142aw Junak \u2013 sekretarz. W zebraniu za\u0142o\u017cycielskim wzi\u0119li r\u00f3wnie\u017c udzia\u0142: Ewa Wawrzyniak i Stefan Okoniewski.<\/span><\/p>\n<p align=\"JUSTIFY\"><span style=\"font-size: medium;\">\u00a0 \u00a0 \u00a0 Na pocz\u0105tku 2012 r. Zarz\u0105d Oddzia\u0142u Uchwa\u0142a Zarz\u0105du powo\u0142a\u0142 Klub i jego w\u0142adze. Przez kolejne lata Klub by\u0142 organizatorem b\u0105d\u017a wsp\u00f3\u0142organizatorem wielu imprez, takich jak: Zlot Turyst\u00f3w na Wielkiej Sowie, Zlot Szlakiem Zamk\u00f3w Piastowskich, Mi\u0119dzynarodowy Rajd Szlakami \u015aw. Jana Nepomucena, Rajd Walo\u0144czyk\u00f3w, Przewodnickie Powitanie Wiosny i inne. W 2017 r. Klub zorganizowa\u0142 Og\u00f3lnopolski Zlot Klub\u00f3w G\u00f3rskich w Mokrzeszowie. By\u0142a to impreza na blisko 100 os\u00f3b, jednak pomimo wielkiego wyzwania logistycznego zosta\u0142a ona bardzo entuzjastycznie przyj\u0119ta przez uczestnik\u00f3w.<\/span><\/p>\n<p align=\"JUSTIFY\"><span style=\"font-size: medium;\">\u00a0 \u00a0 \u00a0 \u00a0Do Klubu do\u0142\u0105czali kolejni dzia\u0142acze posiadaj\u0105cy uprawnienia Przodownika, b\u0105d\u017a zainteresowani uzyskaniem takich uprawnie\u0144. W szczytowym okresie do Klubu nale\u017ca\u0142o ponad 30 os\u00f3b.<\/span><\/p>\n<p align=\"JUSTIFY\"><span style=\"font-size: medium;\">\u00a0 \u00a0 \u00a0 \u00a0W kolejnych latach liczba cz\u0142onk\u00f3w ustabilizowa\u0142a si\u0119 na poziomie dwudziestu kilku os\u00f3b. Cz\u0142onkowie sukcesywnie dokszta\u0142cali si\u0119 i uzyskiwali kolejne uprawnienia, a z czasem WKPTG sta\u0142o si\u0119 naturalnym zapleczem praktycznie wszystkich Oddzia\u0142owych imprez. <\/span><\/p>\n<p align=\"JUSTIFY\"><span style=\"font-size: medium;\"> Obecnie w\u015br\u00f3d naszych 21 cz\u0142onk\u00f3w mamy:<\/span><\/p>\n<ol>\n<li>\n<p align=\"JUSTIFY\"><span style=\"font-size: medium;\">21 przodownik\u00f3w turystyki g\u00f3rskiej (z tego 6 z uprawnieniami na wszystkiego grupy g\u00f3rskie)<\/span><\/p>\n<\/li>\n<li>\n<p align=\"JUSTIFY\"><span style=\"font-size: medium;\">15 znakarzy szlak\u00f3w g\u00f3rskich (w tym 3 zas\u0142u\u017conych znakarzy)<\/span><\/p>\n<\/li>\n<li>\n<p align=\"JUSTIFY\"><span style=\"font-size: medium;\">\u00a010 przewodnik\u00f3w g\u00f3rskich sudeckich<\/span><\/p>\n<\/li>\n<li>\n<p align=\"JUSTIFY\"><span style=\"font-size: medium;\">5 instruktor\u00f3w ochrony przyrody<\/span><\/p>\n<\/li>\n<li>\n<p align=\"JUSTIFY\"><span style=\"font-size: medium;\">4 przewodnik\u00f3w obiektowych<\/span><\/p>\n<\/li>\n<li>\n<p align=\"JUSTIFY\"><span style=\"font-size: medium;\">3 przewodnik\u00f3w terenowych<\/span><\/p>\n<\/li>\n<li>\n<p align=\"JUSTIFY\"><span style=\"font-size: medium;\">3 instruktor\u00f3w krajoznawstwa regionu (w tym 1 krajoznawstwa Polski)<\/span><\/p>\n<\/li>\n<li>\n<p align=\"JUSTIFY\"><span style=\"font-size: medium;\">1 znakarz szlak\u00f3w pieszych<\/span><\/p>\n<\/li>\n<li>\n<p align=\"JUSTIFY\"><span style=\"font-size: medium;\">1 przodownik turystyki pieszej II klasy<\/span><\/p>\n<\/li>\n<li>\n<p align=\"JUSTIFY\"><span style=\"font-size: medium;\">1 przodownik turystyki narciarskiej<\/span><\/p>\n<\/li>\n<li>\n<p align=\"JUSTIFY\"><span style=\"font-size: medium;\">1 instruktor przewodnictwa<\/span><\/p>\n<\/li>\n<\/ol>\n<p align=\"JUSTIFY\"><span style=\"font-size: medium;\">\u00a0 \u00a0 \u00a0 Klub organizuje r\u00f3wnie\u017c spotkania i wycieczki szkoleniowe dla swoich cz\u0142onk\u00f3w, ale tak\u017ce otwarte dla os\u00f3b spoza klubu. Obecne W\u0142adze Klubu za swoje zadanie stawiaj\u0105 sobie dalsz\u0105 integracj\u0119 \u015brodowiska kadry g\u00f3rskiej, ale tak\u017ce organizacj\u0119 imprez og\u00f3lnodost\u0119pnych nie tylko g\u00f3rskich, ale tak\u017ce o zabarwieniu krajoznawczym.<\/span><\/p>\n<p align=\"JUSTIFY\"><span style=\"font-size: medium;\">Opracowa\u0142: Jacek Pielich<\/span><\/p>\n","protected":false},"excerpt":{"rendered":"<p>\u00a0 \u00a0 \u00a0Pocz\u0105tki naszego Klubu si\u0119gaj\u0105 ko\u0144ca 2011 r. 21 grudnia 2011 roku mia\u0142o miejsce zebranie za\u0142o\u017cycielskie Wa\u0142brzyskiego Klubu Przodownik\u00f3w Turystyki G\u00f3rskiej. Celem grupy za\u0142o\u017cycielskiej by\u0142a integracja i zmobilizowanie do&#8230; <a class=\"continue-reading-link\" href=\"https:\/\/wkptg.pl\/index.php\/nasza-historia\/\">Czytaj dalej<\/a><\/p>\n","protected":false},"author":1,"featured_media":0,"parent":0,"menu_order":0,"comment_status":"closed","ping_status":"closed","template":"","meta":{"footnotes":""},"class_list":["post-46","page","type-page","status-publish","hentry"],"_links":{"self":[{"href":"https:\/\/wkptg.pl\/index.php\/wp-json\/wp\/v2\/pages\/46","targetHints":{"allow":["GET"]}}],"collection":[{"href":"https:\/\/wkptg.pl\/index.php\/wp-json\/wp\/v2\/pages"}],"about":[{"href":"https:\/\/wkptg.pl\/index.php\/wp-json\/wp\/v2\/types\/page"}],"author":[{"embeddable":true,"href":"https:\/\/wkptg.pl\/index.php\/wp-json\/wp\/v2\/users\/1"}],"replies":[{"embeddable":true,"href":"https:\/\/wkptg.pl\/index.php\/wp-json\/wp\/v2\/comments?post=46"}],"version-history":[{"count":5,"href":"https:\/\/wkptg.pl\/index.php\/wp-json\/wp\/v2\/pages\/46\/revisions"}],"predecessor-version":[{"id":299,"href":"https:\/\/wkptg.pl\/index.php\/wp-json\/wp\/v2\/pages\/46\/revisions\/299"}],"wp:attachment":[{"href":"https:\/\/wkptg.pl\/index.php\/wp-json\/wp\/v2\/media?parent=46"}],"curies":[{"name":"wp","href":"https:\/\/api.w.org\/{rel}","templated":true}]}}